{"version":"1.0","provider_name":"C\u00e1tedra Innovaci\u00f3n Deportiva Ebone","provider_url":"https:\/\/ebone.es\/catedra","title":"La fiebre del p\u00e1del | C\u00e1tedra Innovaci\u00f3n Deportiva Ebone","type":"rich","width":600,"height":338,"html":"<blockquote class=\"wp-embedded-content\" data-secret=\"mfjdTwSBmf\"><a href=\"https:\/\/ebone.es\/catedra\/la-fiebre-del-padel\/\">La fiebre del p\u00e1del<\/a><\/blockquote><iframe sandbox=\"allow-scripts\" security=\"restricted\" src=\"https:\/\/ebone.es\/catedra\/la-fiebre-del-padel\/embed\/#?secret=mfjdTwSBmf\" width=\"600\" height=\"338\" title=\"\u00abLa fiebre del p\u00e1del\u00bb \u2014 C\u00e1tedra Innovaci\u00f3n Deportiva Ebone\" data-secret=\"mfjdTwSBmf\" frameborder=\"0\" marginwidth=\"0\" marginheight=\"0\" scrolling=\"no\" class=\"wp-embedded-content\"><\/iframe><script>\n\/*! This file is auto-generated *\/\n!function(d,l){\"use strict\";l.querySelector&&d.addEventListener&&\"undefined\"!=typeof URL&&(d.wp=d.wp||{},d.wp.receiveEmbedMessage||(d.wp.receiveEmbedMessage=function(e){var t=e.data;if((t||t.secret||t.message||t.value)&&!\/[^a-zA-Z0-9]\/.test(t.secret)){for(var s,r,n,a=l.querySelectorAll('iframe[data-secret=\"'+t.secret+'\"]'),o=l.querySelectorAll('blockquote[data-secret=\"'+t.secret+'\"]'),c=new RegExp(\"^https?:$\",\"i\"),i=0;i<o.length;i++)o[i].style.display=\"none\";for(i=0;i<a.length;i++)s=a[i],e.source===s.contentWindow&&(s.removeAttribute(\"style\"),\"height\"===t.message?(1e3<(r=parseInt(t.value,10))?r=1e3:~~r<200&&(r=200),s.height=r):\"link\"===t.message&&(r=new URL(s.getAttribute(\"src\")),n=new URL(t.value),c.test(n.protocol))&&n.host===r.host&&l.activeElement===s&&(d.top.location.href=t.value))}},d.addEventListener(\"message\",d.wp.receiveEmbedMessage,!1),l.addEventListener(\"DOMContentLoaded\",function(){for(var e,t,s=l.querySelectorAll(\"iframe.wp-embedded-content\"),r=0;r<s.length;r++)(t=(e=s[r]).getAttribute(\"data-secret\"))||(t=Math.random().toString(36).substring(2,12),e.src+=\"#?secret=\"+t,e.setAttribute(\"data-secret\",t)),e.contentWindow.postMessage({message:\"ready\",secret:t},\"*\")},!1)))}(window,document);\n<\/script>\n","thumbnail_url":"https:\/\/ebone.es\/catedra\/wp-content\/uploads\/2021\/03\/Banner-Blog-padel2.jpg","thumbnail_width":740,"thumbnail_height":500,"description":"La fiebre del p\u00e1del El p\u00e1del, ha sido uno de los deportes que m\u00e1s ha destacado en los \u00faltimos a\u00f1os en Espa\u00f1a, ha dejado de ser un deporte practicado por pocas personas, para convertirse en el segundo deporte m\u00e1s practicado de Espa\u00f1a. En julio de 1991 se constituy\u00f3 la Federaci\u00f3n Internacional de P\u00e1del, presidida por [&hellip;]"}